{"id":38240,"date":"2020-04-14T11:29:15","date_gmt":"2020-04-14T10:29:15","guid":{"rendered":"https:\/\/ventesengros.fr\/?post_type=product&#038;p=38240"},"modified":"2023-02-28T10:23:50","modified_gmt":"2023-02-28T09:23:50","slug":"huile-dail","status":"publish","type":"product","link":"https:\/\/ventesengros.fr\/pt\/grossiste\/oleo-diario\/","title":{"rendered":"\u00d3leo de alho (por litro ou garrafa de 60ml\/120ml)"},"content":{"rendered":"<p>Os cosm\u00e9ticos \u00e0 base de \u00f3leo s\u00e3o extraordin\u00e1rios. Todos os dias s\u00e3o descobertos novos produtos. O \u00f3leo de alho \u00e9 um deles. Trata-se de um \u00f3leo obtido por macera\u00e7\u00e3o de dentes de alho aos quais \u00e9 adicionado o\u2019<a href=\"https:\/\/www.amlou.fr\/huile-d-olive-bio\/\" target=\"_blank\" rel=\"noopener noreferrer\"><strong>azeite<\/strong><\/a> foi adicionado.<\/p>\n<h2><b>\u00d3leo de alho: um aliado para um cabelo bonito e forte<\/b><\/h2>\n<p>Com este \u00f3leo, \u00e9 o seu cabelo que vai ficar feliz. De facto, este \u00f3leo majestoso pouco conhecido tem o dom de acalmar o couro cabeludo. O \u00f3leo de alho \u00e9 um grande combatente que alivia a comich\u00e3o no couro cabeludo. \u00c9 tamb\u00e9m ideal para combater a caspa causada pelo stress ou quando a cabe\u00e7a tem dificuldade em respirar.<\/p>\n<p>Os seus efeitos antimicrobianos e descongestionantes s\u00e3o impressionantes. Esta pequena solu\u00e7\u00e3o oleosa \u00e0 base de aliacea ser\u00e1 certamente a inveja de muitos.<span class=\"Apple-converted-space\">\u00a0<\/span><\/p>\n<p>Purificar\u00e1 a fibra capilar onde menos se espera. Se, ap\u00f3s uma s\u00e9rie de tratamentos com champ\u00f4 sem sucesso, ainda n\u00e3o encontrou uma solu\u00e7\u00e3o, o \u00f3leo de alho \u00e9 certamente o seu \u00faltimo recurso. Mas ainda precisa de saber mais sobre ele?<\/p>\n<h2><b>A que \u00e9 que cheira?<\/b><\/h2>\n<p>O \u00f3leo de alho \u00e9 sin\u00f3nimo do cheiro do alho. Enquanto o seu cheiro forte d\u00e1 sabor aos pratos culin\u00e1rios, n\u00e3o h\u00e1 d\u00favida de que o seu cabelo vai ficar com um cheiro forte.<\/p>\n<p>Por isso, para reduzir estes odores, elabor\u00e1mos uma s\u00e9rie de formas de disfar\u00e7ar os aromas do alho.<\/p>\n<p>Em primeiro lugar, recomendamos que utilize este \u00f3leo \u00e0 noite. Depois, enrole o cabelo numa toalha e v\u00e1 dormir. De manh\u00e3, basta lavar o cabelo com champ\u00f4. Depois, utilize uma solu\u00e7\u00e3o \u00e0 base de \u00e1gua e sumo de lim\u00e3o espremido para eliminar eficazmente o cheiro.<\/p>\n<p>Ao utilizar este estratagema, diga adeus aos caprichos deste \u00f3leo. Mas n\u00e3o se esque\u00e7a de que tem uma das melhores solu\u00e7\u00f5es naturais para combater os problemas do couro cabeludo.<\/p>\n<p>Fotografia n\u00e3o contratual<\/p>\n<p>Todos os nossos produtos est\u00e3o dispon\u00edveis em marca branca (<a href=\"https:\/\/ventesengros.fr\/pt\/contacto\/\"><strong>a pedido<\/strong><\/a>)<\/p>\n<p>Pre\u00e7o decrescente em 10 lotes desconto de 10% (<a href=\"https:\/\/ventesengros.fr\/pt\/contacto\/\"><strong>a pedido<\/strong><\/a>)<\/p>","protected":false},"excerpt":{"rendered":"<p>Este \u00f3leo de alho est\u00e1 dispon\u00edvel em <strong><span style=\"color: #0000ff;\">Garrafa de 1 litro ou 12 garrafas de 60ml \/ 120ml. <span style=\"color: #000000;\">Pre\u00e7os\u00a0<\/span><\/span><\/strong><span style=\"color: #000000;\"><span style=\"color: #0000ff;\"><span style=\"caret-color: #0000ff;\"><b><span style=\"color: #000000;\">saldo decrescente<\/span>.<\/b><\/span><\/span><\/span><\/p>\n<ul>\n<li><b>Pre\u00e7o por litro <span class=\"Apple-converted-space\">\u00a0 <\/span>:<\/b>\u00a0<span style=\"color: #ff0000;\"><strong>22,90\u20ac<\/strong><\/span><\/li>\n<li><b>Pre\u00e7o do frasco de 120ml :<\/b>\u00a0<strong><span style=\"color: #ff0000;\">5,39\u20ac<\/span><\/strong><\/li>\n<li><b>Pre\u00e7o do frasco de 60ml :<\/b>\u00a0<span style=\"color: #ff0000;\"><strong>3,49\u20ac<\/strong><\/span><\/li>\n<\/ul>\n<p><span style=\"color: #ff0000;\"><b>Para mais de 3 lotes, selecionar uma quantidade no cesto.<\/b><\/span><\/p>\n<p>Receba um desconto de 10% nas encomendas de mais de 10 lotes (<span style=\"color: #ff0000;\"><a style=\"color: #ff0000;\" href=\"https:\/\/ventesengros.fr\/pt\/contacto\/\"><strong>contactar-nos<\/strong><\/a><\/span>).<\/p>","protected":false},"featured_media":38252,"template":"","meta":[],"product_brand":[],"product_cat":[59,290,201,606],"product_tag":[],"class_list":{"0":"post-38240","1":"product","2":"type-product","3":"status-publish","4":"has-post-thumbnail","6":"product_cat-soin-et-bien-etre","7":"product_cat-autre","8":"product_cat-huiles-soin-et-bien-etre","9":"product_cat-vrac-par-litre","10":"pa_lot-1-lot-1-litre-2490e-le-litre","11":"pa_lot-1-lot-12-bouteilles-120ml-589e-la-bouteille","12":"pa_lot-1-lot-12-bouteilles-60ml-389e-la-bouteille","13":"pa_lot-2-lots-2-litres-2390e-le-litre","14":"pa_lot-2-lots-24-bouteilles-369e-la-bouteille","15":"pa_lot-2-lot-24-bouteilles-120ml-569e-la-bouteille","16":"pa_lot-3-lots-3-litres-2290e-le-litre","17":"pa_lot-3-lot-36-bouteilles-120ml-539e-la-bouteille","18":"pa_lot-3-lots-36-bouteilles-60ml-349e-la-bouteille","20":"first","21":"instock","22":"shipping-taxable","23":"purchasable","24":"product-type-variable"},"_links":{"self":[{"href":"https:\/\/ventesengros.fr\/pt\/wp-json\/wp\/v2\/product\/38240","targetHints":{"allow":["GET"]}}],"collection":[{"href":"https:\/\/ventesengros.fr\/pt\/wp-json\/wp\/v2\/product"}],"about":[{"href":"https:\/\/ventesengros.fr\/pt\/wp-json\/wp\/v2\/types\/product"}],"wp:featuredmedia":[{"embeddable":true,"href":"https:\/\/ventesengros.fr\/pt\/wp-json\/wp\/v2\/media\/38252"}],"wp:attachment":[{"href":"https:\/\/ventesengros.fr\/pt\/wp-json\/wp\/v2\/media?parent=38240"}],"wp:term":[{"taxonomy":"product_brand","embeddable":true,"href":"https:\/\/ventesengros.fr\/pt\/wp-json\/wp\/v2\/product_brand?post=38240"},{"taxonomy":"product_cat","embeddable":true,"href":"https:\/\/ventesengros.fr\/pt\/wp-json\/wp\/v2\/product_cat?post=38240"},{"taxonomy":"product_tag","embeddable":true,"href":"https:\/\/ventesengros.fr\/pt\/wp-json\/wp\/v2\/product_tag?post=38240"}],"curies":[{"name":"wp","href":"https:\/\/api.w.org\/{rel}","templated":true}]}}