{"id":28969,"date":"2012-05-29T20:16:10","date_gmt":"2012-05-29T19:16:10","guid":{"rendered":"http:\/\/pietra-communication.com\/ventesengros.fr\/?post_type=product&#038;p=28969"},"modified":"2025-01-20T07:05:00","modified_gmt":"2025-01-20T06:05:00","slug":"pollen-de-palmier-en-gros","status":"publish","type":"product","link":"https:\/\/ventesengros.fr\/pt\/grossiste\/polen-de-palmeira-por-atacado\/","title":{"rendered":"P\u00f3len de palmeira (ao quilo ou em saquinhos de 20 g) \u2013 Nabaty"},"content":{"rendered":"<p>Um rem\u00e9dio tradicional nos pa\u00edses \u00e1rabes, o p\u00f3len de tamareira \u00e9 utilizado h\u00e1 s\u00e9culos para refor\u00e7ar o sistema imunit\u00e1rio e proteger a pele. <a href=\"https:\/\/goutte-damour.com\/categorie-produit\/accueil\/gouttes-d-amour\/libido\/\" rel=\"noopener\"><strong>aumentar a libido<\/strong><\/a>. Gostar\u00edamos de vos falar mais sobre este produto natural extraordin\u00e1rio, que teve efeitos significativos num grande n\u00famero de pessoas.<\/p>\n<h2><b>O p\u00f3len das tamareiras: um baluarte contra a infertilidade<\/b><\/h2>\n<p>Se o p\u00f3len desta \u00e1rvore emblem\u00e1tica do Iraque ajuda a multiplicar os palmeirais e a combater o avan\u00e7o do deserto, tamb\u00e9m desempenha um papel fundamental no aumento da fertilidade dos casais. Claro que sim, <a href=\"https:\/\/www.ma-fertilite.com\" target=\"_blank\" rel=\"noopener noreferrer\"><strong>engravidar<\/strong><\/a> depende de muitos factores. No entanto, o p\u00f3len f\u00e9rtil \u00e9 uma das causas da ovula\u00e7\u00e3o. Para os homens, ajuda a melhorar o desempenho dos espermatoz\u00f3ides, aumentando a sua viabilidade e mobilidade. Esta condi\u00e7\u00e3o ajuda a acelerar a fecunda\u00e7\u00e3o, facilitando o encontro com o \u00f3vulo.<\/p>\n<h3><b>Uma oportunidade para regular o ciclo menstrual feminino<\/b><\/h3>\n<p>Para as mulheres, a menstrua\u00e7\u00e3o pode estar sujeita a altera\u00e7\u00f5es de humor ou causar dores intensas. O p\u00f3len de tamareira \u00e9 conhecido por reduzir estas altera\u00e7\u00f5es s\u00fabitas. Al\u00e9m disso, o seu consumo<span class=\"Apple-converted-space\">\u00a0<\/span>facilita a limpeza do \u00fatero no final deste per\u00edodo. Permite a drenagem r\u00e1pida e completa do sangue vaginal.<\/p>\n<h3><b>Como \u00e9 que esta b\u00ean\u00e7\u00e3o natural \u00e9 consumida?<\/b><\/h3>\n<p>Embora possa parecer estranho para uma pessoa consumir p\u00f3len de palma, esta subst\u00e2ncia vol\u00e1til n\u00e3o pode ser ingerida por si s\u00f3. Por isso, deve ser misturada com outro ingrediente conhecido pelos seus benef\u00edcios para o sistema imunit\u00e1rio: o <a href=\"https:\/\/ventesengros.fr\/pt\/product-category\/soin-et-bien-etre\/alimentation\/miel-alimentation\/\" target=\"_blank\" rel=\"noopener noreferrer\"><strong>mel<\/strong><\/a>.<\/p>\n<p>Esta mistura \u00e9 recomendada logo pela manh\u00e3 e \u00e9 por vezes refor\u00e7ada com uma colher de <a href=\"https:\/\/gel\u00e9e-royale.fr\" target=\"_blank\" rel=\"noopener noreferrer\"><strong>geleia real<\/strong><\/a>.<span class=\"Apple-converted-space\">\u00a0 <\/span>Embora o p\u00f3len de palma n\u00e3o seja atualmente contraindicado, as pessoas que sofrem de alergias a esta subst\u00e2ncia devem ter o cuidado de n\u00e3o o incluir na sua dieta.<\/p>\n<p>Fotografia n\u00e3o contratual<\/p>\n<p>Todos os nossos produtos est\u00e3o dispon\u00edveis em marca branca (<a href=\"https:\/\/ventesengros.fr\/pt\/contacto\/\"><strong>a pedido<\/strong><\/a>)<\/p>\n<p>Pre\u00e7o decrescente em 10 lotes desconto de 10% (<a href=\"https:\/\/ventesengros.fr\/pt\/contacto\/\"><strong>a pedido<\/strong><\/a>)<\/p>","protected":false},"excerpt":{"rendered":"<p>Sugerimos o p\u00f3len de palma\u00a0<span style=\"color: #0000ff;\"><strong>vendido ao quilo ou em saquetas de 20 g em embalagens de 12 unidades<\/strong><\/span>. Com ou sem etiqueta. <span style=\"color: #000000;\"><strong>Pre\u00e7os de afilamento.<\/strong><\/span><\/p>\n<p><b>Pre\u00e7o por quilo :<\/b> <span style=\"color: #ff0000;\"><strong>70 \u20ac<\/strong><\/span><\/p>\n<p><b>Pre\u00e7o por saco<span class=\"Apple-converted-space\">\u00a0<\/span>:<\/b> <strong><span style=\"color: #ff0000;\">1,80 \u20ac<\/span><\/strong><\/p>\n<p><span style=\"color: #ff0000;\"><b>Para mais de 3 lotes, selecionar uma quantidade no cesto.<\/b><\/span><\/p>\n<p>Receba um desconto de 10% nas encomendas de mais de 10 lotes (<span style=\"color: #ff0000;\"><a style=\"color: #ff0000;\" href=\"https:\/\/ventesengros.fr\/pt\/contacto\/\"><strong>contactar-nos<\/strong><\/a><\/span>).<\/p>","protected":false},"featured_media":37869,"template":"","meta":[],"product_brand":[],"product_cat":[59,285,1515,838],"product_tag":[258,974,549],"class_list":{"0":"post-28969","1":"product","2":"type-product","3":"status-publish","4":"has-post-thumbnail","6":"product_cat-soin-et-bien-etre","7":"product_cat-autres","8":"product_cat-fertilite","9":"product_cat-pollen-de-palmier-alimentation","10":"product_tag-en-gros","11":"product_tag-grossiste","12":"product_tag-pollen-de-palmier","13":"pa_lot-1-lot-12-sachets-199-le-sachet","14":"pa_lot-1-lot-1kg-3999-le-kilo","15":"pa_lot-2-lots-24-sachets-189-le-sachet","16":"pa_lot-2-lots-2kg-5727-le-kilo","17":"pa_lot-3-lots-36-sachets-179-le-sachet","18":"pa_lot-3-lots-3kg-5432-le-kilo","20":"first","21":"instock","22":"featured","23":"shipping-taxable","24":"purchasable","25":"product-type-variable"},"_links":{"self":[{"href":"https:\/\/ventesengros.fr\/pt\/wp-json\/wp\/v2\/product\/28969","targetHints":{"allow":["GET"]}}],"collection":[{"href":"https:\/\/ventesengros.fr\/pt\/wp-json\/wp\/v2\/product"}],"about":[{"href":"https:\/\/ventesengros.fr\/pt\/wp-json\/wp\/v2\/types\/product"}],"wp:featuredmedia":[{"embeddable":true,"href":"https:\/\/ventesengros.fr\/pt\/wp-json\/wp\/v2\/media\/37869"}],"wp:attachment":[{"href":"https:\/\/ventesengros.fr\/pt\/wp-json\/wp\/v2\/media?parent=28969"}],"wp:term":[{"taxonomy":"product_brand","embeddable":true,"href":"https:\/\/ventesengros.fr\/pt\/wp-json\/wp\/v2\/product_brand?post=28969"},{"taxonomy":"product_cat","embeddable":true,"href":"https:\/\/ventesengros.fr\/pt\/wp-json\/wp\/v2\/product_cat?post=28969"},{"taxonomy":"product_tag","embeddable":true,"href":"https:\/\/ventesengros.fr\/pt\/wp-json\/wp\/v2\/product_tag?post=28969"}],"curies":[{"name":"wp","href":"https:\/\/api.w.org\/{rel}","templated":true}]}}